{"id":2790,"date":"2022-08-23T13:44:53","date_gmt":"2022-08-23T11:44:53","guid":{"rendered":"http:\/\/www.sf-germany.org\/einheiten\/uss-odyssey\/?page_id=2790"},"modified":"2023-02-01T09:00:06","modified_gmt":"2023-02-01T08:00:06","slug":"vuul-helzuc","status":"publish","type":"page","link":"https:\/\/sf-germany.org\/einheiten\/uss-artemis\/crew\/besatzung\/vuul-helzuc\/","title":{"rendered":"Vuul Helzuc"},"content":{"rendered":"<p>&nbsp;<\/p>\n<table style=\"background: none; border: 0px solid #ffffff; font-weight: bold;\" border=\"0\" width=\"95%\" cellspacing=\"5\" cellpadding=\"5\" align=\"center\">\n<tbody>\n<tr>\n<td style=\"background: none; border-radius: 1em; border: 0px solid #003366; box-shadow: 0.1em 0.1em 0.5em rgba(0,0,0,0.75); -webkit-border-radius: 1em; -moz-border-radius: 1em; -moz-box-shadow: 0.1em 0.1em 0.5em rgba(0, 0, 0, 0.75); -webkit-box-shadow: 0.1em 0.1em 0.5em rgba(0, 0, 0, 0.75);\" colspan=\"5\" rowspan=\"3\" align=\"center\" valign=\"middle\">\n<h2><strong>Vuul Helzuc<\/strong><\/h2>\n<\/td>\n<\/tr>\n<\/tbody>\n<\/table>\n<p>&nbsp;<\/p>\n<div style=\"float: left; margin-left: 15px; margin-bottom: 15px; font-size: 11px; width: 300px; padding-left: 10px; padding-right: 10px;\">\n<table style=\"background: none; border-radius: 1em; border: 0px solid #003366; margin-bottom: 15px; margin-right: 15px; float: left; box-shadow: 0.1em 0.1em 0.5em rgba(0,0,0,0.75); -webkit-border-radius: 1em; -moz-border-radius: 1em; -moz-box-shadow: 0.1em 0.1em 0.5em rgba(0, 0, 0, 0.75); -webkit-box-shadow: 0.1em 0.1em 0.5em rgba(0, 0, 0, 0.75);\" border=\"1\" width=\"250\" cellspacing=\"10\" align=\"left\">\n<tbody>\n<tr>\n<td style=\"border: 0px solid transparent; font-weight: bold;\" colspan=\"2\" align=\"center\" width=\"250\"><a href=\"https:\/\/sf-germany.org\/einheiten\/uss-artemis\/wp-content\/uploads\/2022\/09\/Nopic-1.png\" rel=\"lightbox-0\"><img loading=\"lazy\" decoding=\"async\" class=\"aligncenter wp-image-3749\" src=\"https:\/\/sf-germany.org\/einheiten\/uss-artemis\/wp-content\/uploads\/2022\/09\/Nopic-1.png\" alt=\"\" width=\"150\" height=\"225\" \/><\/a><\/td>\n<\/tr>\n<tr>\n<td style=\"border: 0px solid transparent; font-weight: bold;\" colspan=\"2\" align=\"center\" width=\"250\">Vuul Helzuc<\/td>\n<\/tr>\n<tr>\n<td style=\"border: 0px solid transparent; font-weight: bold;\" align=\"right\" width=\"111\">Status<\/td>\n<td style=\"border: 0px solid transparent;\" align=\"left\" width=\"129\">PC<\/td>\n<\/tr>\n<tr>\n<td style=\"border: 0px solid transparent; font-weight: bold;\" align=\"right\" width=\"111\">Spieler<\/td>\n<td style=\"border: 0px solid transparent;\" align=\"left\" width=\"129\">Madison<\/td>\n<\/tr>\n<tr>\n<td style=\"background: #555555; border-radius: 1em; border: 0px solid #003366; font-weight: bold; box-shadow: 0.1em 0.1em 0.5em rgba(0,0,0,0.75); -webkit-border-radius: 1em; -webkit-box-shadow: 0.1em 0.1em 0.5em rgba(0, 0, 0, 0.75);\" colspan=\"2\" align=\"center\" width=\"240\">Dienstliche Informationen<\/td>\n<\/tr>\n<tr>\n<td style=\"border: 0px solid transparent; font-weight: bold; vertical-align: middle;\" align=\"right\" width=\"111\">Ranggrafik<\/td>\n<td style=\"border: 0px solid transparent;\" align=\"left\" width=\"129\"><a href=\"https:\/\/sf-germany.org\/einheiten\/uss-artemis\/wp-content\/uploads\/2022\/09\/y-o1-1.png\" rel=\"lightbox-1\"><img loading=\"lazy\" decoding=\"async\" class=\"aligncenter wp-image-3619\" src=\"https:\/\/sf-germany.org\/einheiten\/uss-artemis\/wp-content\/uploads\/2022\/09\/y-o1-1.png\" alt=\"Ensign\" width=\"100\" height=\"25\" \/><\/a><\/td>\n<\/tr>\n<tr>\n<td style=\"border: 0px solid transparent; font-weight: bold;\" align=\"right\" width=\"111\">Rang<\/td>\n<td style=\"border: 0px solid transparent;\" align=\"left\" width=\"129\">Ensign<\/td>\n<\/tr>\n<tr>\n<td style=\"border: 0px solid transparent; font-weight: bold;\" align=\"right\" width=\"111\">Posten<\/td>\n<td style=\"border: 0px solid transparent;\" align=\"left\" width=\"129\">OPS<\/td>\n<\/tr>\n<tr>\n<td style=\"border: 0px solid transparent; font-weight: bold;\" align=\"right\" width=\"111\">Stationierung<\/td>\n<td style=\"border: 0px solid transparent;\" align=\"left\" width=\"129\">USS Artemis<\/td>\n<\/tr>\n<tr>\n<td style=\"background: #555555; border-radius: 1em; border: 0px solid #003366; font-weight: bold; box-shadow: 0.1em 0.1em 0.5em rgba(0,0,0,0.75); -webkit-border-radius: 1em; -webkit-box-shadow: 0.1em 0.1em 0.5em rgba(0, 0, 0, 0.75);\" colspan=\"2\" align=\"center\" width=\"250\">Biographische Informationen<\/td>\n<\/tr>\n<tr>\n<td style=\"border: 0px solid transparent; font-weight: bold;\" align=\"right\" width=\"111\">Geburtsjahr<\/td>\n<td style=\"border: 0px solid transparent;\" align=\"left\" width=\"129\">2315<\/td>\n<\/tr>\n<tr>\n<td style=\"border: 0px solid transparent; font-weight: bold;\" align=\"right\" width=\"111\">Geburtsort<\/td>\n<td style=\"border: 0px solid transparent;\" align=\"left\" width=\"129\">Rhaandar<\/td>\n<\/tr>\n<tr>\n<td style=\"border: 0px solid transparent; font-weight: bold;\" align=\"right\" width=\"111\">Familienstand<\/td>\n<td style=\"border: 0px solid transparent;\" align=\"left\" width=\"129\">ledig<\/td>\n<\/tr>\n<tr>\n<td style=\"border: 0px solid transparent; font-weight: bold;\" align=\"right\" width=\"111\">Vater<\/td>\n<td style=\"border: 0px solid transparent;\" align=\"left\" width=\"129\">Kardin Helzuc (nicht biologisch; Mentor)<\/td>\n<\/tr>\n<tr>\n<td style=\"border: 0px solid transparent; font-weight: bold;\" align=\"right\" width=\"111\">Mutter<\/td>\n<td style=\"border: 0px solid transparent;\" align=\"left\" width=\"129\">Letra Helzuc (nicht biologisch; Mentorin)<\/td>\n<\/tr>\n<tr>\n<td style=\"background: #555555; border-radius: 1em; border: 0px solid #003366; font-weight: bold; box-shadow: 0.1em 0.1em 0.5em rgba(0,0,0,0.75); -webkit-border-radius: 1em; -webkit-box-shadow: 0.1em 0.1em 0.5em rgba(0, 0, 0, 0.75);\" colspan=\"2\" align=\"center\" width=\"250\">Physische Beschreibung<\/td>\n<\/tr>\n<tr>\n<td style=\"border: 0px solid transparent; font-weight: bold;\" align=\"right\" width=\"111\">Spezies<\/td>\n<td style=\"border: 0px solid transparent;\" align=\"left\" width=\"129\">Rhaandarit<\/td>\n<\/tr>\n<tr>\n<td style=\"border: 0px solid transparent; font-weight: bold;\" align=\"right\" width=\"111\">Geschlecht<\/td>\n<td style=\"border: 0px solid transparent;\" align=\"left\" width=\"129\">m\u00e4nnlich<\/td>\n<\/tr>\n<tr>\n<td style=\"border: 0px solid transparent; font-weight: bold;\" align=\"right\" width=\"111\">Gr\u00f6\u00dfe<\/td>\n<td style=\"border: 0px solid transparent;\" align=\"left\" width=\"129\">1,90cm (noch wachsend)<\/td>\n<\/tr>\n<tr>\n<td style=\"border: 0px solid transparent; font-weight: bold;\" align=\"right\" width=\"111\">Gewicht<\/td>\n<td style=\"border: 0px solid transparent;\" align=\"left\" width=\"\">85kg<\/td>\n<\/tr>\n<tr>\n<td style=\"border: 0px solid transparent; font-weight: bold;\" align=\"right\" width=\"111\">Haarfarbe<\/td>\n<td style=\"border: 0px solid transparent;\" align=\"left\" width=\"129\">braun<\/td>\n<\/tr>\n<tr>\n<td style=\"border: 0px solid transparent; font-weight: bold;\" align=\"right\" width=\"111\">Augenfarbe<\/td>\n<td style=\"border: 0px solid transparent;\" align=\"left\" width=\"129\">gr\u00fcn mit schwarzem Ring (keine Pupille)<\/td>\n<\/tr>\n<tr>\n<td style=\"background: #555555; border-radius: 1em; border: 0px solid #003366; font-weight: bold; box-shadow: 0.1em 0.1em 0.5em rgba(0,0,0,0.75); -webkit-border-radius: 1em; -webkit-box-shadow: 0.1em 0.1em 0.5em rgba(0, 0, 0, 0.75);\" colspan=\"2\" align=\"center\" width=\"250\">Politische Informationen<\/td>\n<\/tr>\n<tr>\n<td style=\"border: 0px solid transparent; font-weight: bold;\" align=\"right\" width=\"111\">B\u00fcrgerschaft<\/td>\n<td style=\"border: 0px solid transparent;\" align=\"left\" width=\"129\">UFP<\/td>\n<\/tr>\n<tr>\n<td style=\"border: 0px solid transparent; font-weight: bold;\" align=\"right\" width=\"111\">\u00a0Religion<\/td>\n<td style=\"border: 0px solid transparent;\" align=\"left\" width=\"129\">&#8211;<\/td>\n<\/tr>\n<tr style=\"height: 36px;\">\n<td style=\"background: #555555; border: 0px solid #003366; font-weight: bold; border-radius: 1em; box-shadow: rgba(0, 0, 0, 0.75) 0.1em 0.1em 0.5em; height: 36px; width: 88.8889%;\" colspan=\"2\" align=\"center\" width=\"240\"><span style=\"font-size: 10pt; font-family: 'Titillium Web';\">Orden und Auszeichnungen<\/span><\/td>\n<\/tr>\n<tr style=\"height: 18px;\">\n<td style=\"border: 0px solid transparent; font-weight: bold; height: 18px; width: 41.2186%;\" align=\"right\" width=\"111\"><span style=\"font-size: 10pt; font-family: 'Titillium Web';\">Vh\u2018oga Ribbon<\/span><\/td>\n<td style=\"border: 0px solid transparent; height: 18px; width: 47.6703%;\" align=\"left\" width=\"129\"><span style=\"font-size: 10pt; font-family: 'Titillium Web';\"><img loading=\"lazy\" decoding=\"async\" class=\"alignnone wp-image-3663\" src=\"https:\/\/sf-germany.org\/einheiten\/uss-artemis\/wp-content\/uploads\/2022\/10\/Vhoga_Spange.png\" alt=\"\" width=\"110\" height=\"32\" \/><\/span><\/td>\n<\/tr>\n<tr style=\"height: 305px;\">\n<td style=\"border: 0px solid transparent; font-weight: bold; height: 180px; width: 255%;\" colspan=\"2\" align=\"center\" width=\"240\"><span style=\"font-family: 'Titillium Web';\"><a href=\"https:\/\/sf-germany.org\/einheiten\/uss-artemis\/wp-content\/uploads\/2022\/12\/Vuul_Arti.jpg\" rel=\"lightbox-2\"><img loading=\"lazy\" decoding=\"async\" class=\"aligncenter wp-image-3670\" src=\"https:\/\/sf-germany.org\/einheiten\/uss-artemis\/wp-content\/uploads\/2022\/12\/Vuul_Arti.jpg\" alt=\"\" width=\"213\" height=\"301\" \/><\/a><\/span><\/td>\n<\/tr>\n<tr style=\"height: 18px;\">\n<td style=\"border: 0px solid transparent; font-weight: bold; height: 18px; width: 88.8889%;\" colspan=\"2\" align=\"center\" width=\"240\"><span style=\"font-size: 10pt; font-family: 'Titillium Web';\"><b>Dienst Zertifikat<\/b><\/span><\/td>\n<\/tr>\n<\/tbody>\n<\/table>\n<\/div>\n<p><strong><span style=\"font-family: 'Big Shoulders Text'; font-size: 24pt;\">Lebenslauf<\/span><\/strong><\/p>\n<p>Vuul wurde 2315 in Rhaand auf dem Planeten Rhaandar geboren. Wie auf Rhaandar \u00fcblich wurde er direkt danach in eine Kohorte eingegliedert, die mit anderen Kohorten einen Jahrgang bilden. Diese Kohorte sollte ihn auf verschiedene Arten die ersten 50 Jahre seines Lebens begleiten und bildet die Familie. Seine Eltern hat Vuul nie kennen gelernt, stattdessen bildeten Mitglieder der selben Kohorte aber eines fr\u00fcheren Jahrgangs seine Mentoren und im rhaandarianischen Sinne die Eltern. Jedes Jahr zum &#8220;Lostitz&#8221;, einer Art achtw\u00f6chige Sommerferien, verbrachte er mit diesen Mentoren an den Seen au\u00dferhalb der Hauptstadt, wo sie ihm versuchten Neugier und ein Gef\u00fchl daf\u00fcr, dass man nicht immer dem vorgegebenen Pfad folgen muss zu geben. Das bildete einen starken Kontrast zu seiner schulischen Ausbildung, die neben dem Unterricht, der sich nicht gro\u00df von dem was man auch auf anderen Welten lernt unterscheidet, vorallem Wert darauf legt den Heranwachsenden fr\u00fch Disziplin beizubringen und sie im komplexen Gef\u00fcge der verschiedenen Rhaandaritischen Hierarchien einzuordnen. Neben der Kohorte &#8211; streng gegliedert nach schulischen Leistungen &#8211; gab es die Hierarchie zu anderen Kohorten des Jahrgangs, die sich aus dem Durchschnitt der Gesamtkohorte bildete.<\/p>\n<p>Parallel dazu kamen Hierarchien f\u00fcr au\u00dferschulische (aber durch die Schule organisierte) Freizeitbesch\u00e4ftigungen, bei denen es sich generell um Gruppensport oder -arbeiten handeln und die dem rhaandaritischen Grundprinzip folgen &#8220;Jeder hat seinen Platz, jeder hat seine Rolle. \u00dcbe sie aus, schaue nicht nach Anderem&#8221; &#8211; in Vuuls Fall bedeutete das Fechten und Theaterunterricht. Dieses Prinzip sollte sp\u00e4ter noch zu Schwierigkeiten f\u00fcr Vuul und seine Mentoren f\u00fchren. Erst einmal war er aber bis Anfang 30 in der Schule und erhielt als guter Sch\u00fcler eine relativ runde Allgemeinbildung. Ab seinem 31. Lebensjahr begann er dann eine Ausbildung zum Maschinentechniker. Seine eigenen Vorlieben waren dabei weniger ausschlaggebend als seine Schulleistungen, denn die Karrieren wurden durch das Zentralamt f\u00fcr Berufseinteilung bestimmt.<\/p>\n<p>Generell sagte Vuul die Ausbildung aber auch zu und wahrscheinlich h\u00e4tte er sie abgeschlossen, wenn sich seine Situation nicht im zweiten Drittel der Ausbildung stark ge\u00e4ndert h\u00e4tte: Die freiheitsliebende Art seiner Mentoren war endg\u00fcltig in Ungnade gefallen bei der Magistration und als ihr Mentee bedeutete das automatisch, dass er ebenfalls in Ungnade gefallen war. Zwar gibt es auf Rhaandar keine Verbannung oder dergleichen, aber trotzdem wurde ihnen von mehreren Seiten klar gemacht, dass es f\u00fcr alle besser w\u00e4re, wenn sie den Planeten verlassen w\u00fcrden. Im Ausgleich daf\u00fcr, dass sie die Angelegenheit nicht versuchten anzufechten bot man ihnen an sie auf eine Forschungsstation der F\u00f6deration zu vermitteln, wo sie ihre &#8216;Besonderheiten&#8217; sicher besser zur Geltung bringen k\u00f6nnten. Wenn sie in 100 oder 200 Jahren sich etwas gefestigt h\u00e4tten, k\u00f6nnte man vielleicht \u00fcber eine R\u00fcckkehr sprechen.<\/p>\n<p>Die n\u00e4chsten Jahre waren schwierig f\u00fcr Vuul. Zwar war er durchaus neugierig auf die ungewohnte Umgebung, aber ihm fehlte die starke Struktur, die sein bisheriges Leben gepr\u00e4gt hatte und auch der Kontakt zur Kohorte, der jetzt nicht mehr m\u00f6glich war. Seine Mentoren wurden in dieser Zeit noch mehr als vorher wichtigste Bezugsperson und versuchten ihm zu helfen neue Freunde zu finden &#8211; f\u00fcr den relativ sch\u00fcchternen Vuul, der auf Rhaandar kaum Mitglieder anderer Spezies kennen gelernt hatte keine leichte Aufgabe. Nach einigen Jahren konnte er aber mit Hilfe seiner Mentoren eine Position finden mit der er zurecht kam. Er fand neue Freunde und wurde als Techniker auf der Station einige Jahre ausgebildet. In dieser Zeit hatte Vuul auch seine erste ernsthafte Beziehung. Die Beziehung war zu einer menschlichen Wissenschaftler, Jana Foslept, und endete daran, dass f\u00fcr Vuul die Zeit viel langsamer verging. Sachen f\u00fcr die bei Menschen normal Wochen oder Monate dauerten waren f\u00fcr Vuul eher im Bereich von Jahren angesiedelt, was so einfach nicht zusammen passte. Trotzdem blieben sie danach eng befreundet und in Kontakt.<\/p>\n<p>Zu seinem 75. Geburtstag schlugen seine Mentoren dann vor, dass er sich in der Sternenflottenakademie einschreiben sollte als n\u00e4chsten Schritt seines Erwachsenenwerdens. Vuul selbst war nicht sicher, ob er diesen Schritt gehen wollte, folgte aber dem Vorschlag seiner Mentoren und meldete sich zum Aufnahmeexamen. Trotz generell guter Noten in den meisten Examensabschnitten scheiterte er schlie\u00dflich wegen &#8220;mangelnder Eigenmotivation&#8221; im Psychologieabschnitt. Nach diesem R\u00fcckschlag verbrachte er nochmal f\u00fcnf Jahre auf der Station in denen er sich intensiv damit besch\u00e4ftigte wie sein Leben weiter gehen sollte. Erst als er sicher war, dass die Sternenflotte nicht nur der Wunsch seiner Mentoren war &#8211; die in dieser Zeit auch klar machten, dass jeder andere Schritt vollkommen in Ordnung w\u00e4re &#8211; sondern sein eigener bewarb er sich erneut und bestand diesmal das Examen.<\/p>\n<p>Die Zeit an der Akademie war f\u00fcr Vuul doppelt herausfordernd &#8211; nicht nur das er nat\u00fcrlich das Programm der Akademie hatte, er war auch zum ersten Mal in seinem Leben wirklich weit von seinen Mentoren entfernt. Gerade das Programm war es aber dann auch, dass ihn schnell das Heimweh vergessen lie\u00df. Es gab so viele Kurse zu besuchen, so viele M\u00f6glichkeiten Sachen zu lernen und soviel zu entdecken, dass er im dritten Jahr einen Antrag auf Verl\u00e4ngerung und weitere praktische Kurse einreichte, um m\u00f6glichst viel vom Kursprogramm lernen zu k\u00f6nnen. Sein Antrag wurde akzeptiert, so dass er insgesamt acht Jahre an der Akademie verbrachte und in dieser Zeit m\u00f6glichst viele Vertiefungskurse besuchte.<\/p>\n<p>&nbsp;<\/p>\n<hr \/>\n<p><strong><span style=\"font-family: 'Big Shoulders Text'; font-size: 24pt;\">Psychologisches Profil<\/span><\/strong><\/p>\n<p>Vuul ist ein stabiler, aber sch\u00fcchterner Offizier, der gerne und viel arbeitet. Er hat keine Motivationsprobleme sich auch bei fachfremden Themen einzubringen, wenn das von ihm gefordert wird. Wichtig ist aber ihn direkt und offen anzusprechen, wenn etwas zu tun ist, da es ihm eher schwer f\u00e4llt &#8220;zwischen den Zeilen&#8221; zu lesen.<\/p>\n<p>Unsicherheiten zeigen sich dabei flexibel auf ungewohnte Situationen zu reagieren. Das erkl\u00e4rt auch einen Teil seiner eher sch\u00fcchternen Natur, da er darauf bedacht ist seine Unsicherheit Anderen nicht zu zeigen. Aus Hintergrundberichten von Personen die ihn l\u00e4nger kennen konnte geschlossen werden, dass sich diese Unsicherheiten bei l\u00e4ngerem Kontakt zu Anderen legen. Der Prozess ist dabei aber eber im Bereich von Jahren zu sehen.<\/p>\n<hr \/>\n<p><strong><span style=\"font-family: 'Big Shoulders Text'; font-size: 24pt;\">St\u00e4rken &amp; Schw\u00e4chen<\/span><\/strong><\/p>\n<p><b>St\u00e4rken<\/b><\/p>\n<ul>\n<li>Breit gebildet<\/li>\n<li>schnelle Auffassungsgabe<\/li>\n<li>hohe Geduld<\/li>\n<\/ul>\n<p><b>Schw\u00e4chen<\/b><\/p>\n<ul>\n<li>Wenig Eigeninitiative<\/li>\n<li>gibt bei Diskussionen zu leicht nach<\/li>\n<li>L\u00e4sst sich bei Sachen eher Zeit um sie (zu) gr\u00fcndlich zu machen<\/li>\n<\/ul>\n<hr \/>\n<p><strong><span style=\"font-family: 'Big Shoulders Text'; font-size: 24pt;\">Hobbies<\/span><\/strong><\/p>\n<ul>\n<li>Fechten<\/li>\n<li>Theater<\/li>\n<li>Parrisses Square<\/li>\n<\/ul>\n<hr \/>\n<p><strong><span style=\"font-family: 'Big Shoulders Text'; font-size: 24pt;\">Medizinisches Profil<\/span><\/strong><\/p>\n<p>Vuul ist ein gesunder Vertreter seines Volkes. Entsprechend des sehr langen Wachtums- und Lebenszyklus (ausgewachsen mit 200, Lebenserwartung ca. 600 Jahre) befindet er sich noch im Wachstum, dass aber entsprechend gestreckt abl\u00e4uft und daher f\u00fcr den Dienst an der Flotte allgemein wenig Einfluss hat.<\/p>\n<p>Der Schlafzyklus von Rhaandarianerin stellt gewisse Herausforderungen an den Dienst in der Flotte, da sie zwar gesamt betrachtet \u00e4hnlich viel schlafen wie die meisten Spezies, aber auf Grund ihrer Physiologie dieser Schlaf in anderen Phasen stattfindet: Normalerweise sind sie f\u00fcnf Tage am St\u00fcck wach und schlafen dann zwei Tage durch. Ansonsten gibt es f\u00fcr medizinisches Personal keine gr\u00f6\u00dferen Besonderheiten zu beachten bei der Betreuung.<\/p>\n<hr \/>\n<p><strong><span style=\"font-family: 'Big Shoulders Text'; font-size: 24pt;\">6<\/span><\/strong><\/p>\n<p>&#8211;<\/p>\n<p>&nbsp;<\/p>\n<p>&nbsp;<\/p>\n","protected":false},"excerpt":{"rendered":"<p>&nbsp; Vuul Helzuc &nbsp; Vuul Helzuc Status PC Spieler Madison Dienstliche Informationen Ranggrafik Rang Ensign Posten OPS Stationierung USS Artemis Biographische Informationen Geburtsjahr 2315 Geburtsort Rhaandar Familienstand ledig Vater Kardin Helzuc (nicht biologisch; Mentor) Mutter Letra Helzuc (nicht biologisch; Mentorin) Physische Beschreibung Spezies Rhaandarit Geschlecht m\u00e4nnlich Gr\u00f6\u00dfe 1,90cm (noch wachsend) Gewicht 85kg Haarfarbe braun Augenfarbe&#8230;<\/p>\n<p class=\"more-link-wrap\"><a href=\"https:\/\/sf-germany.org\/einheiten\/uss-artemis\/crew\/besatzung\/vuul-helzuc\/\" class=\"more-link\">Read More<span class=\"screen-reader-text\"> &ldquo;Vuul Helzuc&rdquo;<\/span> &raquo;<\/a><\/p>\n","protected":false},"author":2,"featured_media":0,"parent":3736,"menu_order":7,"comment_status":"closed","ping_status":"closed","template":"","meta":{"footnotes":""},"class_list":["post-2790","page","type-page","status-publish","hentry"],"_links":{"self":[{"href":"https:\/\/sf-germany.org\/einheiten\/uss-artemis\/wp-json\/wp\/v2\/pages\/2790","targetHints":{"allow":["GET"]}}],"collection":[{"href":"https:\/\/sf-germany.org\/einheiten\/uss-artemis\/wp-json\/wp\/v2\/pages"}],"about":[{"href":"https:\/\/sf-germany.org\/einheiten\/uss-artemis\/wp-json\/wp\/v2\/types\/page"}],"author":[{"embeddable":true,"href":"https:\/\/sf-germany.org\/einheiten\/uss-artemis\/wp-json\/wp\/v2\/users\/2"}],"replies":[{"embeddable":true,"href":"https:\/\/sf-germany.org\/einheiten\/uss-artemis\/wp-json\/wp\/v2\/comments?post=2790"}],"version-history":[{"count":7,"href":"https:\/\/sf-germany.org\/einheiten\/uss-artemis\/wp-json\/wp\/v2\/pages\/2790\/revisions"}],"predecessor-version":[{"id":4873,"href":"https:\/\/sf-germany.org\/einheiten\/uss-artemis\/wp-json\/wp\/v2\/pages\/2790\/revisions\/4873"}],"up":[{"embeddable":true,"href":"https:\/\/sf-germany.org\/einheiten\/uss-artemis\/wp-json\/wp\/v2\/pages\/3736"}],"wp:attachment":[{"href":"https:\/\/sf-germany.org\/einheiten\/uss-artemis\/wp-json\/wp\/v2\/media?parent=2790"}],"curies":[{"name":"wp","href":"https:\/\/api.w.org\/{rel}","templated":true}]}}